{"id":357,"date":"2018-02-05T20:06:22","date_gmt":"2018-02-05T20:06:22","guid":{"rendered":"http:\/\/164.132.103.141\/?page_id=357"},"modified":"2021-12-07T15:26:41","modified_gmt":"2021-12-07T15:26:41","slug":"permiso-a2","status":"publish","type":"page","link":"https:\/\/www.autoescuelaeuropaterna.es\/ca\/permiso-a2\/","title":{"rendered":"PERMISO A2"},"content":{"rendered":"<p><\/p>\n<h2><img loading=\"lazy\" class=\"aligncenter size-full wp-image-2798\" src=\"https:\/\/i0.wp.com\/www.autoescuelaeuropaterna.es\/wp-content\/uploads\/2021\/12\/A2.png?resize=672%2C377&#038;ssl=1\" alt=\"\" width=\"672\" height=\"377\" srcset=\"https:\/\/i0.wp.com\/www.autoescuelaeuropaterna.es\/wp-content\/uploads\/2021\/12\/A2.png?w=672&amp;ssl=1 672w, https:\/\/i0.wp.com\/www.autoescuelaeuropaterna.es\/wp-content\/uploads\/2021\/12\/A2.png?resize=300%2C168&amp;ssl=1 300w, https:\/\/i0.wp.com\/www.autoescuelaeuropaterna.es\/wp-content\/uploads\/2021\/12\/A2.png?resize=24%2C13&amp;ssl=1 24w, https:\/\/i0.wp.com\/www.autoescuelaeuropaterna.es\/wp-content\/uploads\/2021\/12\/A2.png?resize=36%2C20&amp;ssl=1 36w, https:\/\/i0.wp.com\/www.autoescuelaeuropaterna.es\/wp-content\/uploads\/2021\/12\/A2.png?resize=48%2C27&amp;ssl=1 48w\" sizes=\"(max-width: 672px) 100vw, 672px\" data-recalc-dims=\"1\" \/><\/h2>\n<h2><img class=\"alignright\" src=\"https:\/\/i0.wp.com\/www.escueladeconductores.es\/images\/logo.gif?w=3840\" data-recalc-dims=\"1\" \/><\/h2>\n<h2><span style=\"color: #33cccc;\"><strong>PERM\u00cdS A2<\/strong><\/span><\/h2>\n<div class=\"contenido_editor\">\n<h3><strong>CONDUCCI\u00d3 DE MOTOCICLETES<\/strong><\/h3>\n<p>Amb el perm\u00eds A2 pots conduir motocicletes amb canvi manual o autom\u00e0tic, d\u2019un m\u00e0xim de 35 Kw (47cv) de pot\u00e8ncia i de 0\u20192 Kw\/Kg de relaci\u00f3 pot\u00e8ncia\/pes.<\/p>\n<h3><strong>REQUISITS<\/strong><\/h3>\n<ul>\n<li style=\"text-align: left;\">18 anys.<\/li>\n<li style=\"text-align: left;\">No estar privat\/ada del dret de conduir.<\/li>\n<li style=\"text-align: left;\">Certificat m\u00e8dic.<\/li>\n<li style=\"text-align: left;\">Resid\u00e8ncia a Espanya.<\/li>\n<\/ul>\n<h3><strong>EX\u00c0MENS OFICIALS<\/strong><\/h3>\n<p><strong>EXAMEN COM\u00da:<\/strong><\/p>\n<p>Test de 30 preguntes sobre: Normativa. Accidents. Dist\u00e0ncies de seguretat. Riscos. La via. Grups de risc. Documentaci\u00f3. Primers auxilis. Mec\u00e0nica. Seguretat activa i passiva. Medi ambient i contaminaci\u00f3.<\/p>\n<p><strong>EXAMEN ESPEC\u00cdFIC:<\/strong><\/p>\n<p>Test de 20 preguntes sobre: Normativa. Equip de protecci\u00f3 i casc. Factors de risc. Mec\u00e0nica. T\u00e8cnica de conducci\u00f3. Seguretat vial.<\/p>\n<p><strong>EXAMEN DE DESTRESA:<\/strong><\/p>\n<ul>\n<li><strong>Prova 1: <\/strong>Circular sobre una franja d\u2019amplada limitada, ziga-zaga entre balises i frenada controlada (sense l\u00edmit de temps).<\/li>\n<\/ul>\n<p><img src=\"https:\/\/i0.wp.com\/www.escueladeconductores.es\/bd\/imagenes\/imagen4749m.jpg?w=3840\" alt=\"\" data-recalc-dims=\"1\" \/><\/p>\n<ul>\n<li><strong>Prova 2:<\/strong>\u00a0Ziga-zaga entre cons, sortejar un obstacle i frenada d\u2019emerg\u00e8ncia (temps 25 s.).<\/li>\n<\/ul>\n<p><img src=\"https:\/\/i0.wp.com\/www.escueladeconductores.es\/bd\/imagenes\/imagen4748m.jpg?w=3840\" alt=\"\" data-recalc-dims=\"1\" \/><\/p>\n<p><strong>EXAMEN DE CIRCULACI\u00d3:<\/strong><\/p>\n<p>Maneig del vehicle. Maniobres b\u00e0siques de la circulaci\u00f3. Utilitzaci\u00f3 de la via. Obedi\u00e8ncia de senyals.<\/p>\n<h3><strong>INFORMACI\u00d3 ADDICIONAL<\/strong><\/h3>\n<ul>\n<li>Si tens el perm\u00eds B, est\u00e0s exempt\/a de l\u2019examen com\u00fa.<\/li>\n<li>Si tens el perm\u00eds A1 (menys de 2 anys), est\u00e0s exempt\/a de l\u2019examen com\u00fa i espec\u00edfic.<\/li>\n<li>Si tens el perm\u00eds A1, un m\u00ednim de 2 anys, est\u00e0s exempt\/a de l\u2019examen com\u00fa, espec\u00edfic i de destresa.<\/li>\n<li>En cas d\u2019obtindre el perm\u00eds amb una motocicleta amb canvi autom\u00e0tic, nom\u00e9s podr\u00e0s conduir motocicletes amb canvi autom\u00e0tic.<\/li>\n<li>En cas d&#8217;obtindre el perm\u00eds amb una motocicleta amb canvi manual, podr\u00e0s conduir motocicletes amb canvi manual o autom\u00e0tic.<\/li>\n<\/ul>\n<h3>Contacta amb nosaltres<\/h3>\n<p><a class=\"button blue big hp-header-primary-button\" href=\"\/contacto\">Contacta<\/a><\/p>\n<\/div>\n<p><\/p>","protected":false},"excerpt":{"rendered":"<p>PERM\u00cdS A2 CONDUCCI\u00d3 DE MOTOCICLETES Amb el perm\u00eds A2 pots conduir motocicletes amb canvi manual o autom\u00e0tic, d\u2019un m\u00e0xim de 35 Kw (47cv) de pot\u00e8ncia i de 0\u20192 Kw\/Kg de relaci\u00f3 pot\u00e8ncia\/pes. REQUISITS 18 anys. No estar privat\/ada del dret de conduir. Certificat m\u00e8dic. Resid\u00e8ncia a Espanya. EX\u00c0MENS OFICIALS EXAMEN COM\u00da: Test de 30 preguntes&hellip; <br \/> <a class=\"button small blue\" href=\"https:\/\/www.autoescuelaeuropaterna.es\/ca\/permiso-a2\/\">Read more<\/a><\/p>\n","protected":false},"author":1,"featured_media":0,"parent":0,"menu_order":0,"comment_status":"closed","ping_status":"closed","template":"","meta":{"spay_email":""},"yoast_head":"<!-- This site is optimized with the Yoast SEO plugin v18.2 - https:\/\/yoast.com\/wordpress\/plugins\/seo\/ -->\n<title>PERMISO A2 | AUTOESCUELA EUROPATERNA<\/title>\n<meta name=\"robots\" content=\"index, follow, max-snippet:-1, max-image-preview:large, max-video-preview:-1\" \/>\n<link rel=\"canonical\" href=\"https:\/\/www.autoescuelaeuropaterna.es\/permiso-a2\/\" \/>\n<meta property=\"og:locale\" content=\"ca_ES\" \/>\n<meta property=\"og:type\" content=\"article\" \/>\n<meta property=\"og:title\" content=\"PERMISO A2 | AUTOESCUELA EUROPATERNA\" \/>\n<meta property=\"og:description\" content=\"PERM\u00cdS A2 CONDUCCI\u00d3 DE MOTOCICLETES Amb el perm\u00eds A2 pots conduir motocicletes amb canvi manual o autom\u00e0tic, d\u2019un m\u00e0xim de 35 Kw (47cv) de pot\u00e8ncia i de 0\u20192 Kw\/Kg de relaci\u00f3 pot\u00e8ncia\/pes. REQUISITS 18 anys. No estar privat\/ada del dret de conduir. Certificat m\u00e8dic. Resid\u00e8ncia a Espanya. EX\u00c0MENS OFICIALS EXAMEN COM\u00da: Test de 30 preguntes&hellip; Read more\" \/>\n<meta property=\"og:url\" content=\"https:\/\/www.autoescuelaeuropaterna.es\/permiso-a2\/\" \/>\n<meta property=\"og:site_name\" content=\"AUTOESCUELA EUROPATERNA\" \/>\n<meta property=\"article:modified_time\" content=\"2021-12-07T15:26:41+00:00\" \/>\n<meta property=\"og:image\" content=\"https:\/\/www.autoescuelaeuropaterna.es\/wp-content\/uploads\/2021\/12\/A2.png\" \/>\n<meta name=\"twitter:card\" content=\"summary_large_image\" \/>\n<meta name=\"twitter:label1\" content=\"Temps estimat de lectura\" \/>\n\t<meta name=\"twitter:data1\" content=\"3 minuts\" \/>\n<script type=\"application\/ld+json\" class=\"yoast-schema-graph\">{\"@context\":\"https:\/\/schema.org\",\"@graph\":[{\"@type\":\"Organization\",\"@id\":\"https:\/\/www.autoescuelaeuropaterna.es\/ca\/#organization\",\"name\":\"AUTOESCUELA EUROPATERNA S.L\",\"url\":\"https:\/\/www.autoescuelaeuropaterna.es\/ca\/\",\"sameAs\":[],\"logo\":{\"@type\":\"ImageObject\",\"@id\":\"https:\/\/www.autoescuelaeuropaterna.es\/ca\/#logo\",\"inLanguage\":\"ca\",\"url\":\"https:\/\/i0.wp.com\/www.autoescuelaeuropaterna.es\/wp-content\/uploads\/2018\/01\/cropped-logobueno.png?fit=3378%2C1576&ssl=1\",\"contentUrl\":\"https:\/\/i0.wp.com\/www.autoescuelaeuropaterna.es\/wp-content\/uploads\/2018\/01\/cropped-logobueno.png?fit=3378%2C1576&ssl=1\",\"width\":3378,\"height\":1576,\"caption\":\"AUTOESCUELA EUROPATERNA S.L\"},\"image\":{\"@id\":\"https:\/\/www.autoescuelaeuropaterna.es\/ca\/#logo\"}},{\"@type\":\"WebSite\",\"@id\":\"https:\/\/www.autoescuelaeuropaterna.es\/ca\/#website\",\"url\":\"https:\/\/www.autoescuelaeuropaterna.es\/ca\/\",\"name\":\"AUTOESCUELA EUROPATERNA\",\"description\":\"\",\"publisher\":{\"@id\":\"https:\/\/www.autoescuelaeuropaterna.es\/ca\/#organization\"},\"potentialAction\":[{\"@type\":\"SearchAction\",\"target\":{\"@type\":\"EntryPoint\",\"urlTemplate\":\"https:\/\/www.autoescuelaeuropaterna.es\/ca\/?s={search_term_string}\"},\"query-input\":\"required name=search_term_string\"}],\"inLanguage\":\"ca\"},{\"@type\":\"ImageObject\",\"@id\":\"https:\/\/www.autoescuelaeuropaterna.es\/permiso-a2\/#primaryimage\",\"inLanguage\":\"ca\",\"url\":\"https:\/\/i0.wp.com\/www.autoescuelaeuropaterna.es\/wp-content\/uploads\/2021\/12\/A2.png?fit=672%2C377&ssl=1\",\"contentUrl\":\"https:\/\/i0.wp.com\/www.autoescuelaeuropaterna.es\/wp-content\/uploads\/2021\/12\/A2.png?fit=672%2C377&ssl=1\",\"width\":672,\"height\":377},{\"@type\":\"WebPage\",\"@id\":\"https:\/\/www.autoescuelaeuropaterna.es\/permiso-a2\/#webpage\",\"url\":\"https:\/\/www.autoescuelaeuropaterna.es\/permiso-a2\/\",\"name\":\"PERMISO A2 | AUTOESCUELA EUROPATERNA\",\"isPartOf\":{\"@id\":\"https:\/\/www.autoescuelaeuropaterna.es\/ca\/#website\"},\"primaryImageOfPage\":{\"@id\":\"https:\/\/www.autoescuelaeuropaterna.es\/permiso-a2\/#primaryimage\"},\"datePublished\":\"2018-02-05T20:06:22+00:00\",\"dateModified\":\"2021-12-07T15:26:41+00:00\",\"breadcrumb\":{\"@id\":\"https:\/\/www.autoescuelaeuropaterna.es\/permiso-a2\/#breadcrumb\"},\"inLanguage\":\"ca\",\"potentialAction\":[{\"@type\":\"ReadAction\",\"target\":[\"https:\/\/www.autoescuelaeuropaterna.es\/permiso-a2\/\"]}]},{\"@type\":\"BreadcrumbList\",\"@id\":\"https:\/\/www.autoescuelaeuropaterna.es\/permiso-a2\/#breadcrumb\",\"itemListElement\":[{\"@type\":\"ListItem\",\"position\":1,\"name\":\"Portada\",\"item\":\"https:\/\/www.autoescuelaeuropaterna.es\/ca\/\"},{\"@type\":\"ListItem\",\"position\":2,\"name\":\"PERMISO A2\"}]}]}<\/script>\n<!-- \/ Yoast SEO plugin. -->","yoast_head_json":{"title":"PERMISO A2 | AUTOESCUELA EUROPATERNA","robots":{"index":"index","follow":"follow","max-snippet":"max-snippet:-1","max-image-preview":"max-image-preview:large","max-video-preview":"max-video-preview:-1"},"canonical":"https:\/\/www.autoescuelaeuropaterna.es\/permiso-a2\/","og_locale":"ca_ES","og_type":"article","og_title":"PERMISO A2 | AUTOESCUELA EUROPATERNA","og_description":"PERM\u00cdS A2 CONDUCCI\u00d3 DE MOTOCICLETES Amb el perm\u00eds A2 pots conduir motocicletes amb canvi manual o autom\u00e0tic, d\u2019un m\u00e0xim de 35 Kw (47cv) de pot\u00e8ncia i de 0\u20192 Kw\/Kg de relaci\u00f3 pot\u00e8ncia\/pes. REQUISITS 18 anys. No estar privat\/ada del dret de conduir. Certificat m\u00e8dic. Resid\u00e8ncia a Espanya. EX\u00c0MENS OFICIALS EXAMEN COM\u00da: Test de 30 preguntes&hellip; Read more","og_url":"https:\/\/www.autoescuelaeuropaterna.es\/permiso-a2\/","og_site_name":"AUTOESCUELA EUROPATERNA","article_modified_time":"2021-12-07T15:26:41+00:00","og_image":[{"url":"https:\/\/www.autoescuelaeuropaterna.es\/wp-content\/uploads\/2021\/12\/A2.png"}],"twitter_card":"summary_large_image","twitter_misc":{"Temps estimat de lectura":"3 minuts"},"schema":{"@context":"https:\/\/schema.org","@graph":[{"@type":"Organization","@id":"https:\/\/www.autoescuelaeuropaterna.es\/ca\/#organization","name":"AUTOESCUELA EUROPATERNA S.L","url":"https:\/\/www.autoescuelaeuropaterna.es\/ca\/","sameAs":[],"logo":{"@type":"ImageObject","@id":"https:\/\/www.autoescuelaeuropaterna.es\/ca\/#logo","inLanguage":"ca","url":"https:\/\/i0.wp.com\/www.autoescuelaeuropaterna.es\/wp-content\/uploads\/2018\/01\/cropped-logobueno.png?fit=3378%2C1576&ssl=1","contentUrl":"https:\/\/i0.wp.com\/www.autoescuelaeuropaterna.es\/wp-content\/uploads\/2018\/01\/cropped-logobueno.png?fit=3378%2C1576&ssl=1","width":3378,"height":1576,"caption":"AUTOESCUELA EUROPATERNA S.L"},"image":{"@id":"https:\/\/www.autoescuelaeuropaterna.es\/ca\/#logo"}},{"@type":"WebSite","@id":"https:\/\/www.autoescuelaeuropaterna.es\/ca\/#website","url":"https:\/\/www.autoescuelaeuropaterna.es\/ca\/","name":"AUTOESCUELA EUROPATERNA","description":"","publisher":{"@id":"https:\/\/www.autoescuelaeuropaterna.es\/ca\/#organization"},"potentialAction":[{"@type":"SearchAction","target":{"@type":"EntryPoint","urlTemplate":"https:\/\/www.autoescuelaeuropaterna.es\/ca\/?s={search_term_string}"},"query-input":"required name=search_term_string"}],"inLanguage":"ca"},{"@type":"ImageObject","@id":"https:\/\/www.autoescuelaeuropaterna.es\/permiso-a2\/#primaryimage","inLanguage":"ca","url":"https:\/\/i0.wp.com\/www.autoescuelaeuropaterna.es\/wp-content\/uploads\/2021\/12\/A2.png?fit=672%2C377&ssl=1","contentUrl":"https:\/\/i0.wp.com\/www.autoescuelaeuropaterna.es\/wp-content\/uploads\/2021\/12\/A2.png?fit=672%2C377&ssl=1","width":672,"height":377},{"@type":"WebPage","@id":"https:\/\/www.autoescuelaeuropaterna.es\/permiso-a2\/#webpage","url":"https:\/\/www.autoescuelaeuropaterna.es\/permiso-a2\/","name":"PERMISO A2 | AUTOESCUELA EUROPATERNA","isPartOf":{"@id":"https:\/\/www.autoescuelaeuropaterna.es\/ca\/#website"},"primaryImageOfPage":{"@id":"https:\/\/www.autoescuelaeuropaterna.es\/permiso-a2\/#primaryimage"},"datePublished":"2018-02-05T20:06:22+00:00","dateModified":"2021-12-07T15:26:41+00:00","breadcrumb":{"@id":"https:\/\/www.autoescuelaeuropaterna.es\/permiso-a2\/#breadcrumb"},"inLanguage":"ca","potentialAction":[{"@type":"ReadAction","target":["https:\/\/www.autoescuelaeuropaterna.es\/permiso-a2\/"]}]},{"@type":"BreadcrumbList","@id":"https:\/\/www.autoescuelaeuropaterna.es\/permiso-a2\/#breadcrumb","itemListElement":[{"@type":"ListItem","position":1,"name":"Portada","item":"https:\/\/www.autoescuelaeuropaterna.es\/ca\/"},{"@type":"ListItem","position":2,"name":"PERMISO A2"}]}]}},"jetpack_sharing_enabled":true,"jetpack_shortlink":"https:\/\/wp.me\/PaiNOW-5L","_links":{"self":[{"href":"https:\/\/www.autoescuelaeuropaterna.es\/ca\/wp-json\/wp\/v2\/pages\/357"}],"collection":[{"href":"https:\/\/www.autoescuelaeuropaterna.es\/ca\/wp-json\/wp\/v2\/pages"}],"about":[{"href":"https:\/\/www.autoescuelaeuropaterna.es\/ca\/wp-json\/wp\/v2\/types\/page"}],"author":[{"embeddable":true,"href":"https:\/\/www.autoescuelaeuropaterna.es\/ca\/wp-json\/wp\/v2\/users\/1"}],"replies":[{"embeddable":true,"href":"https:\/\/www.autoescuelaeuropaterna.es\/ca\/wp-json\/wp\/v2\/comments?post=357"}],"version-history":[{"count":28,"href":"https:\/\/www.autoescuelaeuropaterna.es\/ca\/wp-json\/wp\/v2\/pages\/357\/revisions"}],"predecessor-version":[{"id":2799,"href":"https:\/\/www.autoescuelaeuropaterna.es\/ca\/wp-json\/wp\/v2\/pages\/357\/revisions\/2799"}],"wp:attachment":[{"href":"https:\/\/www.autoescuelaeuropaterna.es\/ca\/wp-json\/wp\/v2\/media?parent=357"}],"curies":[{"name":"wp","href":"https:\/\/api.w.org\/{rel}","templated":true}]}}