{"id":414,"date":"2018-02-06T16:45:25","date_gmt":"2018-02-06T16:45:25","guid":{"rendered":"http:\/\/164.132.103.141\/?page_id=414"},"modified":"2021-12-07T15:05:19","modified_gmt":"2021-12-07T15:05:19","slug":"adr-renovacion-basico","status":"publish","type":"page","link":"https:\/\/www.autoescuelaeuropaterna.es\/ca\/adr-renovacion-basico\/","title":{"rendered":"ADR &#8211; RENOVACI\u00d3N B\u00c1SICO"},"content":{"rendered":"<p><\/p>\n<div class=\"cabecera\"><img loading=\"lazy\" class=\"aligncenter size-full wp-image-2782\" src=\"https:\/\/i0.wp.com\/www.autoescuelaeuropaterna.es\/wp-content\/uploads\/2021\/12\/Captura-de-pantalla-70.png?resize=559%2C390&#038;ssl=1\" alt=\"\" width=\"559\" height=\"390\" srcset=\"https:\/\/i0.wp.com\/www.autoescuelaeuropaterna.es\/wp-content\/uploads\/2021\/12\/Captura-de-pantalla-70.png?w=559&amp;ssl=1 559w, https:\/\/i0.wp.com\/www.autoescuelaeuropaterna.es\/wp-content\/uploads\/2021\/12\/Captura-de-pantalla-70.png?resize=300%2C209&amp;ssl=1 300w, https:\/\/i0.wp.com\/www.autoescuelaeuropaterna.es\/wp-content\/uploads\/2021\/12\/Captura-de-pantalla-70.png?resize=24%2C17&amp;ssl=1 24w, https:\/\/i0.wp.com\/www.autoescuelaeuropaterna.es\/wp-content\/uploads\/2021\/12\/Captura-de-pantalla-70.png?resize=36%2C25&amp;ssl=1 36w, https:\/\/i0.wp.com\/www.autoescuelaeuropaterna.es\/wp-content\/uploads\/2021\/12\/Captura-de-pantalla-70.png?resize=48%2C33&amp;ssl=1 48w\" sizes=\"(max-width: 559px) 100vw, 559px\" data-recalc-dims=\"1\" \/><\/div>\n<div class=\"cont_contenido\">\n<div class=\"contenido\">\n<div class=\"main\">\n<h2 class=\"tit-reserva\"><img class=\"alignright\" src=\"https:\/\/i0.wp.com\/www.escueladeconductores.es\/images\/logo.gif?w=3840\" data-recalc-dims=\"1\" \/><\/h2>\n<h2 class=\"tit-reserva\"><span style=\"color: #33cccc;\"><strong>ADR &#8211; RENOVACI\u00d3 B\u00c0SIC<\/strong><\/span><\/h2>\n<div class=\"contenido_editor\">\n<h3><strong>RENOVACI\u00d3 DE L&#8217;AUTORITZACI\u00d3 ADR<\/strong><\/h3>\n<p>Aquest curs s&#8217;ha de realitzar cada 5 anys per renovar l&#8217;autoritzaci\u00f3 ADR B\u00e0sic i superar un examen te\u00f2ric per poder transportar mercaderies perilloses.<\/p>\n<h3><strong>REQUISITS<\/strong><\/h3>\n<p>Disposar de l&#8217;autoritzaci\u00f3 ADR B\u00e0sic en vigor, no estar privat\/ada del dret a conduir i tindre resid\u00e8ncia a Espanya.<\/p>\n<h3><strong>DURADA DEL CURS<\/strong><\/h3>\n<p>18 hores m\u00e9s les pr\u00e0ctiques i els descansos corresponents.<\/p>\n<h3><strong>CONTINGUTS<\/strong><\/h3>\n<p><strong>Teoria<\/strong><strong>:<\/strong> Documentaci\u00f3.\u00a0Normativa.\u00a0C\u00e0rrega i desc\u00e0rrega.\u00a0Equip t\u00e8cnic.\u00a0Tac\u00f2graf.\u00a0Tipus de risc.\u00a0Classes de mat\u00e8ries perilloses.\u00a0Etiquetatge i senyalitzaci\u00f3.\u00a0Primers auxilis.\u00a0Medi ambient i contaminaci\u00f3.\u00a0Comportament en t\u00fanels.<\/p>\n<p><strong>Pr\u00e0ctica:<\/strong>\u00a0C\u00e0rrega i desc\u00e0rrega.\u00a0Actuaci\u00f3 en accidents.\u00a0Primers auxilis.\u00a0Extinci\u00f3 d&#8217;incendis.\u00a0Equip de protecci\u00f3.<\/p>\n<h3><strong>EXAMEN OFICIAL<\/strong><\/h3>\n<p>Teoria: Test de 20 preguntes en Direcci\u00f3 de Tr\u00e0nsit.<br \/>\nPr\u00e0ctica: No es requereix.<\/p>\n<h3><strong>INFORMACI\u00d3 ADDICIONAL<\/strong><\/h3>\n<ul>\n<li>L&#8217;assist\u00e8ncia \u00e9s obligat\u00f2ria.<\/li>\n<li>El curs es podr\u00e0 realitzar durant l&#8217;any anterior a la data de caducitat de l&#8217;autoritzaci\u00f3 ADR b\u00e0sic.<\/li>\n<\/ul>\n<h3>Contacta amb nosaltres<\/h3>\n<p><a class=\"button blue big hp-header-primary-button\" href=\"\/contacto\">Contacta<\/a><\/p>\n<\/div>\n<\/div>\n<\/div>\n<\/div>\n<p><\/p>","protected":false},"excerpt":{"rendered":"<p>ADR &#8211; RENOVACI\u00d3 B\u00c0SIC RENOVACI\u00d3 DE L&#8217;AUTORITZACI\u00d3 ADR Aquest curs s&#8217;ha de realitzar cada 5 anys per renovar l&#8217;autoritzaci\u00f3 ADR B\u00e0sic i superar un examen te\u00f2ric per poder transportar mercaderies perilloses. REQUISITS Disposar de l&#8217;autoritzaci\u00f3 ADR B\u00e0sic en vigor, no estar privat\/ada del dret a conduir i tindre resid\u00e8ncia a Espanya. DURADA DEL CURS 18&hellip; <br \/> <a class=\"button small blue\" href=\"https:\/\/www.autoescuelaeuropaterna.es\/ca\/adr-renovacion-basico\/\">Read more<\/a><\/p>\n","protected":false},"author":1,"featured_media":0,"parent":0,"menu_order":0,"comment_status":"closed","ping_status":"closed","template":"","meta":{"spay_email":""},"yoast_head":"<!-- This site is optimized with the Yoast SEO plugin v18.2 - https:\/\/yoast.com\/wordpress\/plugins\/seo\/ -->\n<title>ADR - RENOVACI\u00d3N B\u00c1SICO | AUTOESCUELA EUROPATERNA<\/title>\n<meta name=\"robots\" content=\"index, follow, max-snippet:-1, max-image-preview:large, max-video-preview:-1\" \/>\n<link rel=\"canonical\" href=\"https:\/\/www.autoescuelaeuropaterna.es\/adr-renovacion-basico\/\" \/>\n<meta property=\"og:locale\" content=\"ca_ES\" \/>\n<meta property=\"og:type\" content=\"article\" \/>\n<meta property=\"og:title\" content=\"ADR - RENOVACI\u00d3N B\u00c1SICO | AUTOESCUELA EUROPATERNA\" \/>\n<meta property=\"og:description\" content=\"ADR &#8211; RENOVACI\u00d3 B\u00c0SIC RENOVACI\u00d3 DE L&#8217;AUTORITZACI\u00d3 ADR Aquest curs s&#8217;ha de realitzar cada 5 anys per renovar l&#8217;autoritzaci\u00f3 ADR B\u00e0sic i superar un examen te\u00f2ric per poder transportar mercaderies perilloses. REQUISITS Disposar de l&#8217;autoritzaci\u00f3 ADR B\u00e0sic en vigor, no estar privat\/ada del dret a conduir i tindre resid\u00e8ncia a Espanya. DURADA DEL CURS 18&hellip; Read more\" \/>\n<meta property=\"og:url\" content=\"https:\/\/www.autoescuelaeuropaterna.es\/adr-renovacion-basico\/\" \/>\n<meta property=\"og:site_name\" content=\"AUTOESCUELA EUROPATERNA\" \/>\n<meta property=\"article:modified_time\" content=\"2021-12-07T15:05:19+00:00\" \/>\n<meta property=\"og:image\" content=\"https:\/\/www.autoescuelaeuropaterna.es\/wp-content\/uploads\/2021\/12\/Captura-de-pantalla-70.png\" \/>\n<meta name=\"twitter:card\" content=\"summary_large_image\" \/>\n<meta name=\"twitter:label1\" content=\"Temps estimat de lectura\" \/>\n\t<meta name=\"twitter:data1\" content=\"2 minuts\" \/>\n<script type=\"application\/ld+json\" class=\"yoast-schema-graph\">{\"@context\":\"https:\/\/schema.org\",\"@graph\":[{\"@type\":\"Organization\",\"@id\":\"https:\/\/www.autoescuelaeuropaterna.es\/ca\/#organization\",\"name\":\"AUTOESCUELA EUROPATERNA S.L\",\"url\":\"https:\/\/www.autoescuelaeuropaterna.es\/ca\/\",\"sameAs\":[],\"logo\":{\"@type\":\"ImageObject\",\"@id\":\"https:\/\/www.autoescuelaeuropaterna.es\/ca\/#logo\",\"inLanguage\":\"ca\",\"url\":\"https:\/\/i0.wp.com\/www.autoescuelaeuropaterna.es\/wp-content\/uploads\/2018\/01\/cropped-logobueno.png?fit=3378%2C1576&ssl=1\",\"contentUrl\":\"https:\/\/i0.wp.com\/www.autoescuelaeuropaterna.es\/wp-content\/uploads\/2018\/01\/cropped-logobueno.png?fit=3378%2C1576&ssl=1\",\"width\":3378,\"height\":1576,\"caption\":\"AUTOESCUELA EUROPATERNA S.L\"},\"image\":{\"@id\":\"https:\/\/www.autoescuelaeuropaterna.es\/ca\/#logo\"}},{\"@type\":\"WebSite\",\"@id\":\"https:\/\/www.autoescuelaeuropaterna.es\/ca\/#website\",\"url\":\"https:\/\/www.autoescuelaeuropaterna.es\/ca\/\",\"name\":\"AUTOESCUELA EUROPATERNA\",\"description\":\"\",\"publisher\":{\"@id\":\"https:\/\/www.autoescuelaeuropaterna.es\/ca\/#organization\"},\"potentialAction\":[{\"@type\":\"SearchAction\",\"target\":{\"@type\":\"EntryPoint\",\"urlTemplate\":\"https:\/\/www.autoescuelaeuropaterna.es\/ca\/?s={search_term_string}\"},\"query-input\":\"required name=search_term_string\"}],\"inLanguage\":\"ca\"},{\"@type\":\"ImageObject\",\"@id\":\"https:\/\/www.autoescuelaeuropaterna.es\/adr-renovacion-basico\/#primaryimage\",\"inLanguage\":\"ca\",\"url\":\"https:\/\/i0.wp.com\/www.autoescuelaeuropaterna.es\/wp-content\/uploads\/2021\/12\/Captura-de-pantalla-70.png?fit=559%2C390&ssl=1\",\"contentUrl\":\"https:\/\/i0.wp.com\/www.autoescuelaeuropaterna.es\/wp-content\/uploads\/2021\/12\/Captura-de-pantalla-70.png?fit=559%2C390&ssl=1\",\"width\":559,\"height\":390},{\"@type\":\"WebPage\",\"@id\":\"https:\/\/www.autoescuelaeuropaterna.es\/adr-renovacion-basico\/#webpage\",\"url\":\"https:\/\/www.autoescuelaeuropaterna.es\/adr-renovacion-basico\/\",\"name\":\"ADR - RENOVACI\u00d3N B\u00c1SICO | AUTOESCUELA EUROPATERNA\",\"isPartOf\":{\"@id\":\"https:\/\/www.autoescuelaeuropaterna.es\/ca\/#website\"},\"primaryImageOfPage\":{\"@id\":\"https:\/\/www.autoescuelaeuropaterna.es\/adr-renovacion-basico\/#primaryimage\"},\"datePublished\":\"2018-02-06T16:45:25+00:00\",\"dateModified\":\"2021-12-07T15:05:19+00:00\",\"breadcrumb\":{\"@id\":\"https:\/\/www.autoescuelaeuropaterna.es\/adr-renovacion-basico\/#breadcrumb\"},\"inLanguage\":\"ca\",\"potentialAction\":[{\"@type\":\"ReadAction\",\"target\":[\"https:\/\/www.autoescuelaeuropaterna.es\/adr-renovacion-basico\/\"]}]},{\"@type\":\"BreadcrumbList\",\"@id\":\"https:\/\/www.autoescuelaeuropaterna.es\/adr-renovacion-basico\/#breadcrumb\",\"itemListElement\":[{\"@type\":\"ListItem\",\"position\":1,\"name\":\"Portada\",\"item\":\"https:\/\/www.autoescuelaeuropaterna.es\/ca\/\"},{\"@type\":\"ListItem\",\"position\":2,\"name\":\"ADR &#8211; RENOVACI\u00d3N B\u00c1SICO\"}]}]}<\/script>\n<!-- \/ Yoast SEO plugin. -->","yoast_head_json":{"title":"ADR - RENOVACI\u00d3N B\u00c1SICO | AUTOESCUELA EUROPATERNA","robots":{"index":"index","follow":"follow","max-snippet":"max-snippet:-1","max-image-preview":"max-image-preview:large","max-video-preview":"max-video-preview:-1"},"canonical":"https:\/\/www.autoescuelaeuropaterna.es\/adr-renovacion-basico\/","og_locale":"ca_ES","og_type":"article","og_title":"ADR - RENOVACI\u00d3N B\u00c1SICO | AUTOESCUELA EUROPATERNA","og_description":"ADR &#8211; RENOVACI\u00d3 B\u00c0SIC RENOVACI\u00d3 DE L&#8217;AUTORITZACI\u00d3 ADR Aquest curs s&#8217;ha de realitzar cada 5 anys per renovar l&#8217;autoritzaci\u00f3 ADR B\u00e0sic i superar un examen te\u00f2ric per poder transportar mercaderies perilloses. REQUISITS Disposar de l&#8217;autoritzaci\u00f3 ADR B\u00e0sic en vigor, no estar privat\/ada del dret a conduir i tindre resid\u00e8ncia a Espanya. DURADA DEL CURS 18&hellip; Read more","og_url":"https:\/\/www.autoescuelaeuropaterna.es\/adr-renovacion-basico\/","og_site_name":"AUTOESCUELA EUROPATERNA","article_modified_time":"2021-12-07T15:05:19+00:00","og_image":[{"url":"https:\/\/www.autoescuelaeuropaterna.es\/wp-content\/uploads\/2021\/12\/Captura-de-pantalla-70.png"}],"twitter_card":"summary_large_image","twitter_misc":{"Temps estimat de lectura":"2 minuts"},"schema":{"@context":"https:\/\/schema.org","@graph":[{"@type":"Organization","@id":"https:\/\/www.autoescuelaeuropaterna.es\/ca\/#organization","name":"AUTOESCUELA EUROPATERNA S.L","url":"https:\/\/www.autoescuelaeuropaterna.es\/ca\/","sameAs":[],"logo":{"@type":"ImageObject","@id":"https:\/\/www.autoescuelaeuropaterna.es\/ca\/#logo","inLanguage":"ca","url":"https:\/\/i0.wp.com\/www.autoescuelaeuropaterna.es\/wp-content\/uploads\/2018\/01\/cropped-logobueno.png?fit=3378%2C1576&ssl=1","contentUrl":"https:\/\/i0.wp.com\/www.autoescuelaeuropaterna.es\/wp-content\/uploads\/2018\/01\/cropped-logobueno.png?fit=3378%2C1576&ssl=1","width":3378,"height":1576,"caption":"AUTOESCUELA EUROPATERNA S.L"},"image":{"@id":"https:\/\/www.autoescuelaeuropaterna.es\/ca\/#logo"}},{"@type":"WebSite","@id":"https:\/\/www.autoescuelaeuropaterna.es\/ca\/#website","url":"https:\/\/www.autoescuelaeuropaterna.es\/ca\/","name":"AUTOESCUELA EUROPATERNA","description":"","publisher":{"@id":"https:\/\/www.autoescuelaeuropaterna.es\/ca\/#organization"},"potentialAction":[{"@type":"SearchAction","target":{"@type":"EntryPoint","urlTemplate":"https:\/\/www.autoescuelaeuropaterna.es\/ca\/?s={search_term_string}"},"query-input":"required name=search_term_string"}],"inLanguage":"ca"},{"@type":"ImageObject","@id":"https:\/\/www.autoescuelaeuropaterna.es\/adr-renovacion-basico\/#primaryimage","inLanguage":"ca","url":"https:\/\/i0.wp.com\/www.autoescuelaeuropaterna.es\/wp-content\/uploads\/2021\/12\/Captura-de-pantalla-70.png?fit=559%2C390&ssl=1","contentUrl":"https:\/\/i0.wp.com\/www.autoescuelaeuropaterna.es\/wp-content\/uploads\/2021\/12\/Captura-de-pantalla-70.png?fit=559%2C390&ssl=1","width":559,"height":390},{"@type":"WebPage","@id":"https:\/\/www.autoescuelaeuropaterna.es\/adr-renovacion-basico\/#webpage","url":"https:\/\/www.autoescuelaeuropaterna.es\/adr-renovacion-basico\/","name":"ADR - RENOVACI\u00d3N B\u00c1SICO | AUTOESCUELA EUROPATERNA","isPartOf":{"@id":"https:\/\/www.autoescuelaeuropaterna.es\/ca\/#website"},"primaryImageOfPage":{"@id":"https:\/\/www.autoescuelaeuropaterna.es\/adr-renovacion-basico\/#primaryimage"},"datePublished":"2018-02-06T16:45:25+00:00","dateModified":"2021-12-07T15:05:19+00:00","breadcrumb":{"@id":"https:\/\/www.autoescuelaeuropaterna.es\/adr-renovacion-basico\/#breadcrumb"},"inLanguage":"ca","potentialAction":[{"@type":"ReadAction","target":["https:\/\/www.autoescuelaeuropaterna.es\/adr-renovacion-basico\/"]}]},{"@type":"BreadcrumbList","@id":"https:\/\/www.autoescuelaeuropaterna.es\/adr-renovacion-basico\/#breadcrumb","itemListElement":[{"@type":"ListItem","position":1,"name":"Portada","item":"https:\/\/www.autoescuelaeuropaterna.es\/ca\/"},{"@type":"ListItem","position":2,"name":"ADR &#8211; RENOVACI\u00d3N B\u00c1SICO"}]}]}},"jetpack_sharing_enabled":true,"jetpack_shortlink":"https:\/\/wp.me\/PaiNOW-6G","_links":{"self":[{"href":"https:\/\/www.autoescuelaeuropaterna.es\/ca\/wp-json\/wp\/v2\/pages\/414"}],"collection":[{"href":"https:\/\/www.autoescuelaeuropaterna.es\/ca\/wp-json\/wp\/v2\/pages"}],"about":[{"href":"https:\/\/www.autoescuelaeuropaterna.es\/ca\/wp-json\/wp\/v2\/types\/page"}],"author":[{"embeddable":true,"href":"https:\/\/www.autoescuelaeuropaterna.es\/ca\/wp-json\/wp\/v2\/users\/1"}],"replies":[{"embeddable":true,"href":"https:\/\/www.autoescuelaeuropaterna.es\/ca\/wp-json\/wp\/v2\/comments?post=414"}],"version-history":[{"count":9,"href":"https:\/\/www.autoescuelaeuropaterna.es\/ca\/wp-json\/wp\/v2\/pages\/414\/revisions"}],"predecessor-version":[{"id":2783,"href":"https:\/\/www.autoescuelaeuropaterna.es\/ca\/wp-json\/wp\/v2\/pages\/414\/revisions\/2783"}],"wp:attachment":[{"href":"https:\/\/www.autoescuelaeuropaterna.es\/ca\/wp-json\/wp\/v2\/media?parent=414"}],"curies":[{"name":"wp","href":"https:\/\/api.w.org\/{rel}","templated":true}]}}